{"id":10,"date":"2025-03-07T20:40:09","date_gmt":"2025-03-07T20:40:09","guid":{"rendered":"https:\/\/labdeletras.com\/home\/"},"modified":"2026-03-02T11:16:29","modified_gmt":"2026-03-02T16:16:29","slug":"home","status":"publish","type":"page","link":"https:\/\/labdeletras.com\/en\/","title":{"rendered":"Home"},"content":{"rendered":"\n<div class=\"wp-block-group alignfull is-layout-constrained wp-container-core-group-is-layout-72d38984 wp-block-group-is-layout-constrained\" style=\"margin-top:0;margin-bottom:0;padding-top:0;padding-right:0;padding-bottom:0;padding-left:0\">\n<div class=\"wp-block-cover is-light has-parallax alignfull filter-blur header-block-cover top-header\" style=\"margin-top:0;margin-bottom:0;padding-top:0;padding-right:0;padding-bottom:0;padding-left:0;min-height:70vh;aspect-ratio:unset;\"><div class=\"wp-block-cover__image-background wp-image-2280 size-large has-parallax\" style=\"background-position:50% 50%;background-image:url(https:\/\/labdeletras.com\/wp-content\/uploads\/2025\/05\/main_banner_logo_side-1024x1024.png)\"><\/div><span aria-hidden=\"true\" class=\"wp-block-cover__background has-white-background-color has-background-dim-20 has-background-dim\"><\/span><div class=\"wp-block-cover__inner-container is-layout-constrained wp-container-core-cover-is-layout-cfb766ef wp-block-cover-is-layout-constrained\">\n<figure class=\"wp-block-image aligncenter size-full uag-hide-mob\"><img loading=\"lazy\" decoding=\"async\" width=\"854\" height=\"148\" src=\"https:\/\/labdeletras.com\/wp-content\/uploads\/2025\/05\/main_title_one_line.png\" alt=\"\" class=\"wp-image-2283\" srcset=\"https:\/\/labdeletras.com\/wp-content\/uploads\/2025\/05\/main_title_one_line.png 854w, https:\/\/labdeletras.com\/wp-content\/uploads\/2025\/05\/main_title_one_line-300x52.png 300w, https:\/\/labdeletras.com\/wp-content\/uploads\/2025\/05\/main_title_one_line-768x133.png 768w, https:\/\/labdeletras.com\/wp-content\/uploads\/2025\/05\/main_title_one_line-18x3.png 18w\" sizes=\"auto, (max-width: 854px) 100vw, 854px\" \/><\/figure>\n\n\n\n<figure class=\"wp-block-image aligncenter size-full uag-hide-desktop uag-hide-tab\"><img loading=\"lazy\" decoding=\"async\" width=\"532\" height=\"202\" src=\"https:\/\/labdeletras.com\/wp-content\/uploads\/2025\/05\/main_title_two_lines.png\" alt=\"\" class=\"wp-image-2289\" srcset=\"https:\/\/labdeletras.com\/wp-content\/uploads\/2025\/05\/main_title_two_lines.png 532w, https:\/\/labdeletras.com\/wp-content\/uploads\/2025\/05\/main_title_two_lines-300x114.png 300w, https:\/\/labdeletras.com\/wp-content\/uploads\/2025\/05\/main_title_two_lines-18x7.png 18w\" sizes=\"auto, (max-width: 532px) 100vw, 532px\" \/><\/figure>\n<\/div><\/div>\n\n\n\n<div class=\"wave-divider\" style=\"height:auto;background-color:transparent;position:absolute;bottom:0;z-index:10\"><svg viewBox=\"0 0 1440 72\" preserveAspectRatio=\"none\" style=\"display:block;width:100%;height:100%;fill:var(--color-background);transform:\"><path d=\"M 0 0 C 360 100 525 -35 747 36 C 925 90 1209 -52 1440 42 L 1440 72 L 0 72 Z\"><\/path><\/svg><\/div>\n<\/div>\n\n\n\n<div style=\"height:30px\" aria-hidden=\"true\" class=\"wp-block-spacer\"><\/div>\n\n\n\n<div class=\"wp-block-uagb-container uagb-block-adc5a7b1 alignfull uagb-is-root-container\"><div class=\"uagb-container-inner-blocks-wrap\">\n<div class=\"wp-block-uagb-container uagb-block-3681b79a\">\n<h2 class=\"wp-block-heading fade-slide max-w-600\"><strong>Donde comienzan las historias, se alzan las voces y las palabras mueven comunidades.<\/strong><\/h2>\n\n\n\n<p class=\"fade-slide max-w-600\">En el Laboratorio de Letras creamos espacios en los que se escriben historias, se escuchan voces y se despierta la imaginaci\u00f3n, independientemente de tu formaci\u00f3n o experiencia. Este es un lugar para lectores, escritores y so\u00f1adores por igual.<\/p>\n\n\n<div style=\"display:flex;justify-content:left;margin:20px 0 60px;\"><a class=\"custom-btn feather-btn fade-slide\" href=\"\/about\"><span>\u00bfQUI\u00c9NES SOMOS?<\/span><\/a><\/div>\n<\/div>\n\n\n\n<figure class=\"wp-block-image size-full shape-img shape--hexagon preset-h-frame\"><img loading=\"lazy\" decoding=\"async\" width=\"1536\" height=\"1536\" src=\"https:\/\/labdeletras.com\/wp-content\/uploads\/2025\/05\/2025-04-23_23.55.35-edited.jpeg\" alt=\"\" class=\"wp-image-2079\" style=\"aspect-ratio:1;object-fit:cover\" srcset=\"https:\/\/labdeletras.com\/wp-content\/uploads\/2025\/05\/2025-04-23_23.55.35-edited.jpeg 1536w, https:\/\/labdeletras.com\/wp-content\/uploads\/2025\/05\/2025-04-23_23.55.35-edited-300x300.jpeg 300w, https:\/\/labdeletras.com\/wp-content\/uploads\/2025\/05\/2025-04-23_23.55.35-edited-1024x1024.jpeg 1024w, https:\/\/labdeletras.com\/wp-content\/uploads\/2025\/05\/2025-04-23_23.55.35-edited-150x150.jpeg 150w, https:\/\/labdeletras.com\/wp-content\/uploads\/2025\/05\/2025-04-23_23.55.35-edited-768x768.jpeg 768w, https:\/\/labdeletras.com\/wp-content\/uploads\/2025\/05\/2025-04-23_23.55.35-edited-12x12.jpeg 12w\" sizes=\"auto, (max-width: 1536px) 100vw, 1536px\" \/><\/figure>\n<\/div><\/div>\n\n\n\n<div style=\"height:60px\" aria-hidden=\"true\" class=\"wp-block-spacer\"><\/div>\n\n\n\n<div class=\"wp-block-uagb-container chameleon uagb-block-70bbc4c2 alignfull uagb-is-root-container\"><div class=\"uagb-container-inner-blocks-wrap\">\n<h2 class=\"wp-block-heading fade-slide max-w-600\" style=\"margin-top:var(--wp--preset--spacing--70)\">\u00a1Camale\u00f3n Transparente 2026 regres\u00f3!<\/h2>\n\n\n\n<p class=\"fade-slide\">Regresamos con el Concurso Departamental de Cuento e invitamos a Risaralda y a todas las personas amantes de las letras a <strong>participar ya<\/strong>! Atr\u00e9vete a lanzar tu historia al escenario: env\u00eda tu cuento hoy mismo.<\/p>\n\n\n\n<div class=\"wp-block-uagb-container uagb-layout-flex uagb-block-cca85f74\">\n<div class=\"wp-block-uagb-container uagb-block-79e01af4\">\n<figure class=\"wp-block-image aligncenter size-large is-resized has-custom-border fade-slide scale-hover\"><img loading=\"lazy\" decoding=\"async\" width=\"1024\" height=\"683\" src=\"https:\/\/labdeletras.com\/wp-content\/uploads\/2026\/03\/premios_camaleon_transparente_2026_jovenes_2_fade-1024x683.png\" alt=\"\" class=\"wp-image-2994\" style=\"border-style:none;border-width:0px;border-top-left-radius:20px;border-top-right-radius:20px;border-bottom-left-radius:20px;border-bottom-right-radius:20px;width:400px\" srcset=\"https:\/\/labdeletras.com\/wp-content\/uploads\/2026\/03\/premios_camaleon_transparente_2026_jovenes_2_fade-1024x683.png 1024w, https:\/\/labdeletras.com\/wp-content\/uploads\/2026\/03\/premios_camaleon_transparente_2026_jovenes_2_fade-300x200.png 300w, https:\/\/labdeletras.com\/wp-content\/uploads\/2026\/03\/premios_camaleon_transparente_2026_jovenes_2_fade-768x512.png 768w, https:\/\/labdeletras.com\/wp-content\/uploads\/2026\/03\/premios_camaleon_transparente_2026_jovenes_2_fade-18x12.png 18w, https:\/\/labdeletras.com\/wp-content\/uploads\/2026\/03\/premios_camaleon_transparente_2026_jovenes_2_fade.png 1536w\" sizes=\"auto, (max-width: 1024px) 100vw, 1024px\" \/><\/figure>\n<\/div>\n\n\n\n<div class=\"wp-block-uagb-container uagb-block-b41109ee\">\n<figure class=\"wp-block-image aligncenter size-large is-resized has-custom-border fade-slide scale-hover\"><img loading=\"lazy\" decoding=\"async\" width=\"1024\" height=\"683\" src=\"https:\/\/labdeletras.com\/wp-content\/uploads\/2026\/03\/premios_camaleon_transparente_2026_adultos_fade-5-1024x683.png\" alt=\"\" class=\"wp-image-3006\" style=\"border-style:none;border-width:0px;border-top-left-radius:20px;border-top-right-radius:20px;border-bottom-left-radius:20px;border-bottom-right-radius:20px;width:400px\" srcset=\"https:\/\/labdeletras.com\/wp-content\/uploads\/2026\/03\/premios_camaleon_transparente_2026_adultos_fade-5-1024x683.png 1024w, https:\/\/labdeletras.com\/wp-content\/uploads\/2026\/03\/premios_camaleon_transparente_2026_adultos_fade-5-300x200.png 300w, https:\/\/labdeletras.com\/wp-content\/uploads\/2026\/03\/premios_camaleon_transparente_2026_adultos_fade-5-768x512.png 768w, https:\/\/labdeletras.com\/wp-content\/uploads\/2026\/03\/premios_camaleon_transparente_2026_adultos_fade-5-18x12.png 18w, https:\/\/labdeletras.com\/wp-content\/uploads\/2026\/03\/premios_camaleon_transparente_2026_adultos_fade-5.png 1536w\" sizes=\"auto, (max-width: 1024px) 100vw, 1024px\" \/><\/figure>\n<\/div>\n<\/div>\n\n\n\n<div style=\"display:flex;justify-content:center;margin:20px 0 60px;\"><a class=\"custom-btn feather-btn fade-slide\" href=\"\/concurso\"><span>DESCUBRIR<\/span><\/a><\/div>\n<\/div><\/div>\n\n\n\n\n\n<div class=\"wave-divider\" style=\"height:auto;background-color:var(--color-background-alt2)\"><svg viewBox=\"0 0 1440 150\" preserveAspectRatio=\"none\" style=\"display:block;width:100%;height:100%;fill:var(--color-background-alt4);transform:\"><path d=\"M 0 100 C 109 64 356 191 803 96 C 1133 27 1262 6 1440 70 V 150 H 0 Z\"><\/path><\/svg><\/div>\n\n\n\n<div class=\"wp-block-uagb-container hexagon uagb-block-7d1d62dc alignfull uagb-is-root-container\"><div class=\"uagb-container-inner-blocks-wrap\">\n<h2 class=\"wp-block-heading fade-slide max-w-600\" style=\"margin-top:var(--wp--preset--spacing--60);margin-bottom:var(--wp--preset--spacing--60)\">Mantente entre l\u00edneas: nuestras \u00faltimas noticias te esperan<\/h2>\n\n\n<div class=\"news-grid\">\n<article id=\"post-2944\" class=\"news-card fade-slide post-10 page type-page status-publish hentry\">\n\n\t\t\t<div class=\"news-card-image\">\n\t\t    <a href=\"https:\/\/labdeletras.com\/en\/news\/camaleon-transparente-regresa-en-edicion-departamental-%f0%9f%8e%89%e2%9c%a8\/\">\n\t\t\t    <img loading=\"lazy\" decoding=\"async\" width=\"240\" height=\"300\" src=\"https:\/\/labdeletras.com\/wp-content\/uploads\/2026\/02\/web_poster_contest_2026-240x300.png\" class=\"attachment-medium size-medium wp-post-image\" alt=\"\" srcset=\"https:\/\/labdeletras.com\/wp-content\/uploads\/2026\/02\/web_poster_contest_2026-240x300.png 240w, https:\/\/labdeletras.com\/wp-content\/uploads\/2026\/02\/web_poster_contest_2026-818x1024.png 818w, https:\/\/labdeletras.com\/wp-content\/uploads\/2026\/02\/web_poster_contest_2026-768x961.png 768w, https:\/\/labdeletras.com\/wp-content\/uploads\/2026\/02\/web_poster_contest_2026-1227x1536.png 1227w, https:\/\/labdeletras.com\/wp-content\/uploads\/2026\/02\/web_poster_contest_2026-10x12.png 10w, https:\/\/labdeletras.com\/wp-content\/uploads\/2026\/02\/web_poster_contest_2026.png 1636w\" sizes=\"auto, (max-width: 240px) 100vw, 240px\" \/>            <\/a>\n\t\t<\/div>\n\t\n\t<div class=\"news-card-content\">\n\t\t<h4 class=\"news-card-title\">\n\t\t\t<a href=\"https:\/\/labdeletras.com\/en\/news\/camaleon-transparente-regresa-en-edicion-departamental-%f0%9f%8e%89%e2%9c%a8\/\">\u00a1Camale\u00f3n Transparente regresa en edici\u00f3n departamental! \ud83c\udf89\u2728<\/a>\n\t\t<\/h4>\n\t\t<div class=\"news-card-excerpt\">\n\t\t\tDesde el Laboratorio de Letras tenemos una noticia que nos emociona compartir: \u00a1regresa \u201cCamale\u00f3n Transparente\u201d! Y esta vez vuelve m\u00e1s grande, porque en 2026 se convierte [...]\t\t<\/div>\n\t\t<p class=\"news-card-date\" style=\"margin-bottom: 5px\">\n\t\t\t<time datetime=\"2026-02-23T06:34:25-05:00\">\n\t\t\t\tFebruary 23, 2026\t\t\t<\/time>\n\t\t<\/p>\n\t<\/div>\n\n<\/article>\n<article id=\"post-2785\" class=\"news-card fade-slide post-10 page type-page status-publish hentry\">\n\n\t\t\t<div class=\"news-card-image\">\n\t\t    <a href=\"https:\/\/labdeletras.com\/en\/news\/vuelven-los-talleres-literarios-a-belen-de-umbria\/\">\n\t\t\t    <img loading=\"lazy\" decoding=\"async\" width=\"202\" height=\"300\" src=\"https:\/\/labdeletras.com\/wp-content\/uploads\/2025\/08\/taller_literario_ago_2025_3-202x300.png\" class=\"attachment-medium size-medium wp-post-image\" alt=\"\" srcset=\"https:\/\/labdeletras.com\/wp-content\/uploads\/2025\/08\/taller_literario_ago_2025_3-202x300.png 202w, https:\/\/labdeletras.com\/wp-content\/uploads\/2025\/08\/taller_literario_ago_2025_3-689x1024.png 689w, https:\/\/labdeletras.com\/wp-content\/uploads\/2025\/08\/taller_literario_ago_2025_3-768x1142.png 768w, https:\/\/labdeletras.com\/wp-content\/uploads\/2025\/08\/taller_literario_ago_2025_3-8x12.png 8w, https:\/\/labdeletras.com\/wp-content\/uploads\/2025\/08\/taller_literario_ago_2025_3.png 880w\" sizes=\"auto, (max-width: 202px) 100vw, 202px\" \/>            <\/a>\n\t\t<\/div>\n\t\n\t<div class=\"news-card-content\">\n\t\t<h4 class=\"news-card-title\">\n\t\t\t<a href=\"https:\/\/labdeletras.com\/en\/news\/vuelven-los-talleres-literarios-a-belen-de-umbria\/\">\u00a1Vuelven los Talleres Literarios a Bel\u00e9n de Umbr\u00eda!<\/a>\n\t\t<\/h4>\n\t\t<div class=\"news-card-excerpt\">\n\t\t\tDesde el Laboratorio de Letras, tenemos el inmenso placer de anunciar una nueva edici\u00f3n de nuestros esperados Talleres Literarios, que llegan este agosto de 2025 con [...]\t\t<\/div>\n\t\t<p class=\"news-card-date\" style=\"margin-bottom: 5px\">\n\t\t\t<time datetime=\"2025-08-06T14:20:36-05:00\">\n\t\t\t\tAugust 6, 2025\t\t\t<\/time>\n\t\t<\/p>\n\t<\/div>\n\n<\/article>\n<article id=\"post-1766\" class=\"news-card fade-slide post-10 page type-page status-publish hentry\">\n\n\t\t\t<div class=\"news-card-image\">\n\t\t    <a href=\"https:\/\/labdeletras.com\/en\/news\/la-lectura-toma-las-calles-marcha-del-libro-2025-%f0%9f%93%9a\/\">\n\t\t\t    <img loading=\"lazy\" decoding=\"async\" width=\"240\" height=\"300\" src=\"https:\/\/labdeletras.com\/wp-content\/uploads\/2025\/03\/foto_belen_plaza_principal-e1743455066524-240x300.jpg\" class=\"attachment-medium size-medium wp-post-image\" alt=\"\" srcset=\"https:\/\/labdeletras.com\/wp-content\/uploads\/2025\/03\/foto_belen_plaza_principal-e1743455066524-240x300.jpg 240w, https:\/\/labdeletras.com\/wp-content\/uploads\/2025\/03\/foto_belen_plaza_principal-e1743455066524-818x1024.jpg 818w, https:\/\/labdeletras.com\/wp-content\/uploads\/2025\/03\/foto_belen_plaza_principal-e1743455066524-768x961.jpg 768w, https:\/\/labdeletras.com\/wp-content\/uploads\/2025\/03\/foto_belen_plaza_principal-e1743455066524.jpg 959w\" sizes=\"auto, (max-width: 240px) 100vw, 240px\" \/>            <\/a>\n\t\t<\/div>\n\t\n\t<div class=\"news-card-content\">\n\t\t<h4 class=\"news-card-title\">\n\t\t\t<a href=\"https:\/\/labdeletras.com\/en\/news\/la-lectura-toma-las-calles-marcha-del-libro-2025-%f0%9f%93%9a\/\">La Lectura Toma las Calles: \u00a1Marcha del Libro 2025! \ud83d\udcda<\/a>\n\t\t<\/h4>\n\t\t<div class=\"news-card-excerpt\">\n\t\t\tEste 23 de abril, D\u00eda del Idioma, Bel\u00e9n de Umbr\u00eda se convertir\u00e1 en un verdadero escenario de amor por los libros y la palabra. Desde el [...]\t\t<\/div>\n\t\t<p class=\"news-card-date\" style=\"margin-bottom: 5px\">\n\t\t\t<time datetime=\"2025-03-31T21:32:33-05:00\">\n\t\t\t\tMarch 31, 2025\t\t\t<\/time>\n\t\t<\/p>\n\t<\/div>\n\n<\/article><\/div>\n\n\n\n<div style=\"display:flex;justify-content:center;margin:20px 0 60px;\"><a class=\"custom-btn feather-btn fade-slide\" href=\"\/news\"><span>VER MAS<\/span><\/a><\/div>\n<\/div><\/div>\n","protected":false},"excerpt":{"rendered":"<p>Donde comienzan las historias, se alzan las voces y las palabras mueven comunidades. En el Laboratorio de Letras creamos espacios en los que se escriben historias, se escuchan voces y se despierta la imaginaci\u00f3n, independientemente de tu formaci\u00f3n o experiencia. Este es un lugar para lectores, escritores y so\u00f1adores por igual. \u00a1Camale\u00f3n Transparente 2026 regres\u00f3! [&hellip;]<\/p>\n","protected":false},"author":3,"featured_media":0,"parent":0,"menu_order":0,"comment_status":"closed","ping_status":"closed","template":"","meta":{"_acf_changed":false,"_uag_custom_page_level_css":"","site-sidebar-layout":"no-sidebar","site-content-layout":"plain-container","ast-site-content-layout":"normal-width-container","site-content-style":"unboxed","site-sidebar-style":"unboxed","ast-global-header-display":"","ast-banner-title-visibility":"","ast-main-header-display":"","ast-hfb-above-header-display":"","ast-hfb-below-header-display":"","ast-hfb-mobile-header-display":"","site-post-title":"disabled","ast-breadcrumbs-content":"","ast-featured-img":"","footer-sml-layout":"","ast-disable-related-posts":"","theme-transparent-header-meta":"enabled","adv-header-id-meta":"","stick-header-meta":"","header-above-stick-meta":"","header-main-stick-meta":"","header-below-stick-meta":"","astra-migrate-meta-layouts":"set","ast-page-background-enabled":"default","ast-page-background-meta":{"desktop":{"background-color":"","background-image":"","background-repeat":"repeat","background-position":"center center","background-size":"auto","background-attachment":"scroll","background-type":"","background-media":"","overlay-type":"","overlay-color":"","overlay-opacity":"","overlay-gradient":""},"tablet":{"background-color":"","background-image":"","background-repeat":"repeat","background-position":"center center","background-size":"auto","background-attachment":"scroll","background-type":"","background-media":"","overlay-type":"","overlay-color":"","overlay-opacity":"","overlay-gradient":""},"mobile":{"background-color":"","background-image":"","background-repeat":"repeat","background-position":"center center","background-size":"auto","background-attachment":"scroll","background-type":"","background-media":"","overlay-type":"","overlay-color":"","overlay-opacity":"","overlay-gradient":""}},"ast-content-background-meta":{"desktop":{"background-color":"var(--ast-global-color-5)","background-image":"","background-repeat":"repeat","background-position":"center center","background-size":"auto","background-attachment":"scroll","background-type":"","background-media":"","overlay-type":"","overlay-color":"","overlay-opacity":"","overlay-gradient":""},"tablet":{"background-color":"var(--ast-global-color-5)","background-image":"","background-repeat":"repeat","background-position":"center center","background-size":"auto","background-attachment":"scroll","background-type":"","background-media":"","overlay-type":"","overlay-color":"","overlay-opacity":"","overlay-gradient":""},"mobile":{"background-color":"var(--ast-global-color-5)","background-image":"","background-repeat":"repeat","background-position":"center center","background-size":"auto","background-attachment":"scroll","background-type":"","background-media":"","overlay-type":"","overlay-color":"","overlay-opacity":"","overlay-gradient":""}},"footnotes":""},"class_list":["post-10","page","type-page","status-publish","hentry"],"acf":[],"uagb_featured_image_src":{"full":false,"thumbnail":false,"medium":false,"medium_large":false,"large":false,"1536x1536":false,"2048x2048":false,"trp-custom-language-flag":false},"uagb_author_info":{"display_name":"contacto@labdeletras.com","author_link":"https:\/\/labdeletras.com\/en\/author\/contactolabdeletras-com\/"},"uagb_comment_info":0,"uagb_excerpt":"Donde comienzan las historias, se alzan las voces y las palabras mueven comunidades. En el Laboratorio de Letras creamos espacios en los que se escriben historias, se escuchan voces y se despierta la imaginaci\u00f3n, independientemente de tu formaci\u00f3n o experiencia. Este es un lugar para lectores, escritores y so\u00f1adores por igual. \u00a1Camale\u00f3n Transparente 2026 regres\u00f3!&hellip;","_links":{"self":[{"href":"https:\/\/labdeletras.com\/en\/wp-json\/wp\/v2\/pages\/10","targetHints":{"allow":["GET"]}}],"collection":[{"href":"https:\/\/labdeletras.com\/en\/wp-json\/wp\/v2\/pages"}],"about":[{"href":"https:\/\/labdeletras.com\/en\/wp-json\/wp\/v2\/types\/page"}],"author":[{"embeddable":true,"href":"https:\/\/labdeletras.com\/en\/wp-json\/wp\/v2\/users\/3"}],"replies":[{"embeddable":true,"href":"https:\/\/labdeletras.com\/en\/wp-json\/wp\/v2\/comments?post=10"}],"version-history":[{"count":246,"href":"https:\/\/labdeletras.com\/en\/wp-json\/wp\/v2\/pages\/10\/revisions"}],"predecessor-version":[{"id":3007,"href":"https:\/\/labdeletras.com\/en\/wp-json\/wp\/v2\/pages\/10\/revisions\/3007"}],"wp:attachment":[{"href":"https:\/\/labdeletras.com\/en\/wp-json\/wp\/v2\/media?parent=10"}],"curies":[{"name":"wp","href":"https:\/\/api.w.org\/{rel}","templated":true}]}}