{"id":2075,"date":"2025-05-27T22:31:21","date_gmt":"2025-05-27T22:31:21","guid":{"rendered":"https:\/\/labdeletras.com\/?page_id=2075"},"modified":"2025-06-05T00:46:56","modified_gmt":"2025-06-05T00:46:56","slug":"about","status":"publish","type":"page","link":"https:\/\/labdeletras.com\/en\/about\/","title":{"rendered":"About"},"content":{"rendered":"<div class=\"wp-block-uagb-container top-header uagb-block-96b4dd5c alignfull uagb-is-root-container\"><div class=\"uagb-container-inner-blocks-wrap\">\n<div class=\"wp-block-uagb-container uagb-block-2111cf63\">\n<h1 class=\"wp-block-heading page-section-header fade-slide\">Who we are<\/h1>\n\n\n\n<p class=\"fade-slide translation-block\" style=\"margin-top:0;margin-bottom:0\"><strong>Laboratorio de Letras<\/strong> is a non-governmental, non-profit organisation, born from the shared dream of a group of Bel\u00e9m de Umbria residents - some living in Bel\u00e9n de Umbria and others from Switzerland - with the aim of promoting literature and the love of literature in their community.<\/p>\n\n\n\n<p class=\"fade-slide\" style=\"margin-top:0;margin-bottom:0\">Since our beginnings, we have worked to bring reading and writing closer to people of all ages, offering spaces for training, creation and meeting. We believe in the power of words as a tool for expression, personal development and social transformation.<\/p>\n\n\n\n<p class=\"fade-slide\" style=\"margin-top:0;margin-bottom:0\">The organisation began with workshops dedicated to the art of writing, guided by teachers and experts in the literary field. These initial workshops led to the first municipal literary competition, an initiative that opened the doors to participation and the discovery of new voices.<\/p>\n<\/div>\n\n\n\n<div class=\"wp-block-uagb-container uagb-block-e91e83f7\">\n<figure class=\"wp-block-image size-large shape-img shape--circle preset-c-frame preset-c-sticker\"><img loading=\"lazy\" decoding=\"async\" width=\"768\" height=\"1024\" src=\"https:\/\/labdeletras.com\/wp-content\/uploads\/2025\/05\/2025-04-23_22.59.25-768x1024.jpeg\" alt=\"\" class=\"wp-image-2163\" style=\"aspect-ratio:1;object-fit:cover\"\/><\/figure>\n<\/div>\n<\/div><\/div>\n\n\n\n<div style=\"height:60px\" aria-hidden=\"true\" class=\"wp-block-spacer\"><\/div>\n\n\n\n<div class=\"wave-divider\" style=\"height:auto;background-color:transparent\"><svg viewbox=\"0 0 1078 90\" preserveaspectratio=\"none\" style=\"display:block;width:100%;height:100%;fill:var(--color-background-alt4);transform:\"><path d=\"M -2 2 C 117 43 159 74 372 45 C 523 20 538 13 681 32 C 819 47 1004 -48 1076 48 V 92 H 0 Z\"><\/path><\/svg><\/div>\n\n\n\n<div class=\"wp-block-uagb-container hexagon uagb-block-c1b6f4a4 alignfull uagb-is-root-container\"><div class=\"uagb-container-inner-blocks-wrap\">\n<h1 class=\"wp-block-heading page-section-header fade-slide\">Our focus<\/h1>\n\n\n\n<p class=\"fade-slide translation-block\" style=\"margin-top:0;margin-bottom:0\">At the <em>Laboratorio de Letras<\/em>, we work for a living, inclusive and participatory literary culture. Our approach is based on three fundamental pillars:<\/p>\n\n\n\n<ul style=\"margin-top:0;margin-bottom:0\" class=\"wp-block-list fade-slide\">\n<li class=\"translation-block\"><strong>Reading<\/strong>: We promote the reading habit from childhood to adulthood, creating spaces for encounters with books, critical understanding and enjoyment of literary texts.<\/li>\n\n\n\n<li class=\"translation-block\"><strong>Writing<\/strong>: We encourage writing through workshops, competitions and training activities that allow people to develop their own voice and narrative skills, regardless of their age or previous experience.<\/li>\n\n\n\n<li class=\"translation-block\"><strong>Access and participation<\/strong>: We believe that literature should be accessible to everyone. That is why we design our activities to be open, inclusive and representative of the diversity of our community.<\/li>\n<\/ul>\n\n\n\n<p class=\"fade-slide\" style=\"margin-top:0;margin-bottom:0\">In a context increasingly dominated by the digital and audiovisual, we are committed to strengthening imagination, creativity and depth of thought through the power of the written word.<\/p>\n<\/div><\/div>\n\n\n\n<div class=\"wave-divider\" style=\"height:auto;background-color:var(--color-background-alt1)\"><svg viewbox=\"0 0 1440 72\" preserveaspectratio=\"none\" style=\"display:block;width:100%;height:100%;fill:var(--color-background-alt4);transform:rotate(180deg)\"><path d=\"M 0 0 C 360 100 525 -35 747 36 C 925 90 1209 -52 1440 42 L 1440 72 L 0 72 Z\"><\/path><\/svg><\/div>\n\n\n\n<div class=\"wp-block-uagb-container uagb-block-b55cf1e5 alignfull uagb-is-root-container\"><div class=\"uagb-container-inner-blocks-wrap\">\n<h1 class=\"wp-block-heading page-section-header fade-slide\">Meet the team<\/h1>\n\n\n\n\n<!--<div class=\"teams-filter-buttons\">-->\n<!--    <button class=\"team-filter-button fade-slide active\" data-role=\"cofundador\">Cofundadores<\/button>-->\n<!--    <button class=\"team-filter-button fade-slide\" data-role=\"honorario\">Honorarios<\/button>-->\n<!--<\/div>-->\n\n<div id=\"team-grid-container\" class=\"teams-grid\">\n    \n<article id=\"post-2108\" class=\"teams-card fade-slide post-2108 team-member type-team-member status-publish has-post-thumbnail hentry team-role-cofundador team-role-presidente\">\n\n\t<div class=\"teams-card-image scale-hover\">\n\t    \t\t\t<img loading=\"lazy\" decoding=\"async\" width=\"300\" height=\"300\" src=\"https:\/\/labdeletras.com\/wp-content\/uploads\/2025\/05\/foto_mateo-1-300x300.jpeg\" class=\"attachment-medium size-medium wp-post-image\" alt=\"\" srcset=\"https:\/\/labdeletras.com\/wp-content\/uploads\/2025\/05\/foto_mateo-1-300x300.jpeg 300w, https:\/\/labdeletras.com\/wp-content\/uploads\/2025\/05\/foto_mateo-1-1024x1024.jpeg 1024w, https:\/\/labdeletras.com\/wp-content\/uploads\/2025\/05\/foto_mateo-1-150x150.jpeg 150w, https:\/\/labdeletras.com\/wp-content\/uploads\/2025\/05\/foto_mateo-1-768x769.jpeg 768w, https:\/\/labdeletras.com\/wp-content\/uploads\/2025\/05\/foto_mateo-1-12x12.jpeg 12w, https:\/\/labdeletras.com\/wp-content\/uploads\/2025\/05\/foto_mateo-1.jpeg 1152w\" sizes=\"auto, (max-width: 300px) 100vw, 300px\" \/>\t    \t<\/div>\n\n\t<div class=\"teams-card-content\">\n\t\t<h4 class=\"teams-card-name\">\n\t\t\tJohn Jairo L\u00f3pez Londo\u00f1o\t\t<\/h4>\n\t\t<p class=\"teams-card-role\" style=\"margin-bottom: 5px\">\n\t\t    President\t\t<\/p>\n\t<\/div>\n\n<\/article>\n<article id=\"post-2110\" class=\"teams-card fade-slide post-2110 team-member type-team-member status-publish has-post-thumbnail hentry team-role-cofundador team-role-representante-legal\">\n\n\t<div class=\"teams-card-image scale-hover\">\n\t    \t\t\t<img loading=\"lazy\" decoding=\"async\" width=\"300\" height=\"300\" src=\"https:\/\/labdeletras.com\/wp-content\/uploads\/2025\/06\/foto_alejo-300x300.jpg\" class=\"attachment-medium size-medium wp-post-image\" alt=\"\" srcset=\"https:\/\/labdeletras.com\/wp-content\/uploads\/2025\/06\/foto_alejo-300x300.jpg 300w, https:\/\/labdeletras.com\/wp-content\/uploads\/2025\/06\/foto_alejo-1024x1024.jpg 1024w, https:\/\/labdeletras.com\/wp-content\/uploads\/2025\/06\/foto_alejo-150x150.jpg 150w, https:\/\/labdeletras.com\/wp-content\/uploads\/2025\/06\/foto_alejo-768x768.jpg 768w, https:\/\/labdeletras.com\/wp-content\/uploads\/2025\/06\/foto_alejo-1536x1536.jpg 1536w, https:\/\/labdeletras.com\/wp-content\/uploads\/2025\/06\/foto_alejo-2048x2048.jpg 2048w, https:\/\/labdeletras.com\/wp-content\/uploads\/2025\/06\/foto_alejo-12x12.jpg 12w\" sizes=\"auto, (max-width: 300px) 100vw, 300px\" \/>\t    \t<\/div>\n\n\t<div class=\"teams-card-content\">\n\t\t<h4 class=\"teams-card-name\">\n\t\t\tJos\u00e9 Alejandro L\u00f3pez O.\t\t<\/h4>\n\t\t<p class=\"teams-card-role\" style=\"margin-bottom: 5px\">\n\t\t    Legal Representative\t\t<\/p>\n\t<\/div>\n\n<\/article>\n<article id=\"post-2109\" class=\"teams-card fade-slide post-2109 team-member type-team-member status-publish has-post-thumbnail hentry team-role-cofundador team-role-tesoreria\">\n\n\t<div class=\"teams-card-image scale-hover\">\n\t    \t\t\t<img loading=\"lazy\" decoding=\"async\" width=\"300\" height=\"300\" src=\"https:\/\/labdeletras.com\/wp-content\/uploads\/2025\/06\/foto_myrian-300x300.jpg\" class=\"attachment-medium size-medium wp-post-image\" alt=\"\" srcset=\"https:\/\/labdeletras.com\/wp-content\/uploads\/2025\/06\/foto_myrian-300x300.jpg 300w, https:\/\/labdeletras.com\/wp-content\/uploads\/2025\/06\/foto_myrian-1024x1024.jpg 1024w, https:\/\/labdeletras.com\/wp-content\/uploads\/2025\/06\/foto_myrian-150x150.jpg 150w, https:\/\/labdeletras.com\/wp-content\/uploads\/2025\/06\/foto_myrian-768x768.jpg 768w, https:\/\/labdeletras.com\/wp-content\/uploads\/2025\/06\/foto_myrian-12x12.jpg 12w, https:\/\/labdeletras.com\/wp-content\/uploads\/2025\/06\/foto_myrian.jpg 1063w\" sizes=\"auto, (max-width: 300px) 100vw, 300px\" \/>\t    \t<\/div>\n\n\t<div class=\"teams-card-content\">\n\t\t<h4 class=\"teams-card-name\">\n\t\t\tLuz Miryan Galviz Londo\u00f1o\t\t<\/h4>\n\t\t<p class=\"teams-card-role\" style=\"margin-bottom: 5px\">\n\t\t    Treasurer\t\t<\/p>\n\t<\/div>\n\n<\/article>\n<article id=\"post-2700\" class=\"teams-card fade-slide post-2700 team-member type-team-member status-publish has-post-thumbnail hentry team-role-cofundador team-role-secretaria\">\n\n\t<div class=\"teams-card-image scale-hover\">\n\t    \t\t\t<img loading=\"lazy\" decoding=\"async\" width=\"300\" height=\"300\" src=\"https:\/\/labdeletras.com\/wp-content\/uploads\/2025\/06\/foto_viviana-300x300.jpg\" class=\"attachment-medium size-medium wp-post-image\" alt=\"\" srcset=\"https:\/\/labdeletras.com\/wp-content\/uploads\/2025\/06\/foto_viviana-300x300.jpg 300w, https:\/\/labdeletras.com\/wp-content\/uploads\/2025\/06\/foto_viviana-150x150.jpg 150w, https:\/\/labdeletras.com\/wp-content\/uploads\/2025\/06\/foto_viviana-768x769.jpg 768w, https:\/\/labdeletras.com\/wp-content\/uploads\/2025\/06\/foto_viviana-12x12.jpg 12w, https:\/\/labdeletras.com\/wp-content\/uploads\/2025\/06\/foto_viviana.jpg 900w\" sizes=\"auto, (max-width: 300px) 100vw, 300px\" \/>\t    \t<\/div>\n\n\t<div class=\"teams-card-content\">\n\t\t<h4 class=\"teams-card-name\">\n\t\t\tViviana Orozco Osorio\t\t<\/h4>\n\t\t<p class=\"teams-card-role\" style=\"margin-bottom: 5px\">\n\t\t    Secretary\t\t<\/p>\n\t<\/div>\n\n<\/article>\n<article id=\"post-2115\" class=\"teams-card fade-slide post-2115 team-member type-team-member status-publish has-post-thumbnail hentry team-role-cofundador team-role-comunicacion team-role-fiscal\">\n\n\t<div class=\"teams-card-image scale-hover\">\n\t    \t\t\t<img loading=\"lazy\" decoding=\"async\" width=\"300\" height=\"300\" src=\"https:\/\/labdeletras.com\/wp-content\/uploads\/2025\/05\/foto_manuela-300x300.jpeg\" class=\"attachment-medium size-medium wp-post-image\" alt=\"\" srcset=\"https:\/\/labdeletras.com\/wp-content\/uploads\/2025\/05\/foto_manuela-300x300.jpeg 300w, https:\/\/labdeletras.com\/wp-content\/uploads\/2025\/05\/foto_manuela-150x150.jpeg 150w, https:\/\/labdeletras.com\/wp-content\/uploads\/2025\/05\/foto_manuela-768x768.jpeg 768w, https:\/\/labdeletras.com\/wp-content\/uploads\/2025\/05\/foto_manuela-12x12.jpeg 12w, https:\/\/labdeletras.com\/wp-content\/uploads\/2025\/05\/foto_manuela.jpeg 900w\" sizes=\"auto, (max-width: 300px) 100vw, 300px\" \/>\t    \t<\/div>\n\n\t<div class=\"teams-card-content\">\n\t\t<h4 class=\"teams-card-name\">\n\t\t\tManuela Rodr\u00edgez L\u00f3pez\t\t<\/h4>\n\t\t<p class=\"teams-card-role\" style=\"margin-bottom: 5px\">\n\t\t    Fiscal, Communications\t\t<\/p>\n\t<\/div>\n\n<\/article>\n<article id=\"post-2796\" class=\"teams-card fade-slide post-2796 team-member type-team-member status-publish has-post-thumbnail hentry team-role-vocal\">\n\n\t<div class=\"teams-card-image scale-hover\">\n\t    \t\t\t<img loading=\"lazy\" decoding=\"async\" width=\"300\" height=\"300\" src=\"https:\/\/labdeletras.com\/wp-content\/uploads\/2025\/05\/camaleon_paisa-300x300.jpeg\" class=\"attachment-medium size-medium wp-post-image\" alt=\"\" srcset=\"https:\/\/labdeletras.com\/wp-content\/uploads\/2025\/05\/camaleon_paisa-300x300.jpeg 300w, https:\/\/labdeletras.com\/wp-content\/uploads\/2025\/05\/camaleon_paisa-150x150.jpeg 150w, https:\/\/labdeletras.com\/wp-content\/uploads\/2025\/05\/camaleon_paisa-768x768.jpeg 768w, https:\/\/labdeletras.com\/wp-content\/uploads\/2025\/05\/camaleon_paisa-12x12.jpeg 12w, https:\/\/labdeletras.com\/wp-content\/uploads\/2025\/05\/camaleon_paisa.jpeg 1024w\" sizes=\"auto, (max-width: 300px) 100vw, 300px\" \/>\t    \t<\/div>\n\n\t<div class=\"teams-card-content\">\n\t\t<h4 class=\"teams-card-name\">\n\t\t\tSantiago Dominguez Serna\t\t<\/h4>\n\t\t<p class=\"teams-card-role\" style=\"margin-bottom: 5px\">\n\t\t    Vocal\t\t<\/p>\n\t<\/div>\n\n<\/article>\n<article id=\"post-2114\" class=\"teams-card fade-slide post-2114 team-member type-team-member status-publish has-post-thumbnail hentry team-role-cofundador team-role-ti team-role-vocal\">\n\n\t<div class=\"teams-card-image scale-hover\">\n\t    \t\t\t<img loading=\"lazy\" decoding=\"async\" width=\"300\" height=\"300\" src=\"https:\/\/labdeletras.com\/wp-content\/uploads\/2025\/05\/labletras_profile-300x300.jpeg\" class=\"attachment-medium size-medium wp-post-image\" alt=\"\" srcset=\"https:\/\/labdeletras.com\/wp-content\/uploads\/2025\/05\/labletras_profile-300x300.jpeg 300w, https:\/\/labdeletras.com\/wp-content\/uploads\/2025\/05\/labletras_profile-1024x1024.jpeg 1024w, https:\/\/labdeletras.com\/wp-content\/uploads\/2025\/05\/labletras_profile-150x150.jpeg 150w, https:\/\/labdeletras.com\/wp-content\/uploads\/2025\/05\/labletras_profile-768x769.jpeg 768w, https:\/\/labdeletras.com\/wp-content\/uploads\/2025\/05\/labletras_profile-12x12.jpeg 12w, https:\/\/labdeletras.com\/wp-content\/uploads\/2025\/05\/labletras_profile.jpeg 1148w\" sizes=\"auto, (max-width: 300px) 100vw, 300px\" \/>\t    \t<\/div>\n\n\t<div class=\"teams-card-content\">\n\t\t<h4 class=\"teams-card-name\">\n\t\t\tLloren\u00e7 Muela Hausmann\t\t<\/h4>\n\t\t<p class=\"teams-card-role\" style=\"margin-bottom: 5px\">\n\t\t    IT, Vocal\t\t<\/p>\n\t<\/div>\n\n<\/article>\n<article id=\"post-2678\" class=\"teams-card fade-slide post-2678 team-member type-team-member status-publish has-post-thumbnail hentry team-role-coordinador-juvenil team-role-honorario\">\n\n\t<div class=\"teams-card-image scale-hover\">\n\t    \t\t\t<img loading=\"lazy\" decoding=\"async\" width=\"300\" height=\"300\" src=\"https:\/\/labdeletras.com\/wp-content\/uploads\/2025\/06\/foto_geronimo-300x300.jpg\" class=\"attachment-medium size-medium wp-post-image\" alt=\"\" srcset=\"https:\/\/labdeletras.com\/wp-content\/uploads\/2025\/06\/foto_geronimo-300x300.jpg 300w, https:\/\/labdeletras.com\/wp-content\/uploads\/2025\/06\/foto_geronimo-1024x1024.jpg 1024w, https:\/\/labdeletras.com\/wp-content\/uploads\/2025\/06\/foto_geronimo-150x150.jpg 150w, https:\/\/labdeletras.com\/wp-content\/uploads\/2025\/06\/foto_geronimo-768x768.jpg 768w, https:\/\/labdeletras.com\/wp-content\/uploads\/2025\/06\/foto_geronimo-12x12.jpg 12w, https:\/\/labdeletras.com\/wp-content\/uploads\/2025\/06\/foto_geronimo.jpg 1407w\" sizes=\"auto, (max-width: 300px) 100vw, 300px\" \/>\t    \t<\/div>\n\n\t<div class=\"teams-card-content\">\n\t\t<h4 class=\"teams-card-name\">\n\t\t\tGeronimo Gonzalez Rios\t\t<\/h4>\n\t\t<p class=\"teams-card-role\" style=\"margin-bottom: 5px\">\n\t\t    Youth Coordinator\t\t<\/p>\n\t<\/div>\n\n<\/article>\n<article id=\"post-2763\" class=\"teams-card fade-slide post-2763 team-member type-team-member status-publish has-post-thumbnail hentry team-role-cofundador\">\n\n\t<div class=\"teams-card-image scale-hover\">\n\t    \t\t\t<img loading=\"lazy\" decoding=\"async\" width=\"300\" height=\"300\" src=\"https:\/\/labdeletras.com\/wp-content\/uploads\/2025\/07\/foto_milton-300x300.jpeg\" class=\"attachment-medium size-medium wp-post-image\" alt=\"\" srcset=\"https:\/\/labdeletras.com\/wp-content\/uploads\/2025\/07\/foto_milton-300x300.jpeg 300w, https:\/\/labdeletras.com\/wp-content\/uploads\/2025\/07\/foto_milton-1024x1024.jpeg 1024w, https:\/\/labdeletras.com\/wp-content\/uploads\/2025\/07\/foto_milton-150x150.jpeg 150w, https:\/\/labdeletras.com\/wp-content\/uploads\/2025\/07\/foto_milton-768x768.jpeg 768w, https:\/\/labdeletras.com\/wp-content\/uploads\/2025\/07\/foto_milton-12x12.jpeg 12w, https:\/\/labdeletras.com\/wp-content\/uploads\/2025\/07\/foto_milton.jpeg 1118w\" sizes=\"auto, (max-width: 300px) 100vw, 300px\" \/>\t    \t<\/div>\n\n\t<div class=\"teams-card-content\">\n\t\t<h4 class=\"teams-card-name\">\n\t\t\tMilton Atehort\u00faa Velasquez\t\t<\/h4>\n\t\t<p class=\"teams-card-role\" style=\"margin-bottom: 5px\">\n\t\t    \t\t<\/p>\n\t<\/div>\n\n<\/article>\n<article id=\"post-2116\" class=\"teams-card fade-slide post-2116 team-member type-team-member status-publish has-post-thumbnail hentry team-role-cofundador\">\n\n\t<div class=\"teams-card-image scale-hover\">\n\t    \t\t\t<img loading=\"lazy\" decoding=\"async\" width=\"300\" height=\"300\" src=\"https:\/\/labdeletras.com\/wp-content\/uploads\/2025\/05\/foto_simon-300x300.jpeg\" class=\"attachment-medium size-medium wp-post-image\" alt=\"\" srcset=\"https:\/\/labdeletras.com\/wp-content\/uploads\/2025\/05\/foto_simon-300x300.jpeg 300w, https:\/\/labdeletras.com\/wp-content\/uploads\/2025\/05\/foto_simon-1024x1024.jpeg 1024w, https:\/\/labdeletras.com\/wp-content\/uploads\/2025\/05\/foto_simon-150x150.jpeg 150w, https:\/\/labdeletras.com\/wp-content\/uploads\/2025\/05\/foto_simon-768x768.jpeg 768w, https:\/\/labdeletras.com\/wp-content\/uploads\/2025\/05\/foto_simon-12x12.jpeg 12w, https:\/\/labdeletras.com\/wp-content\/uploads\/2025\/05\/foto_simon.jpeg 1152w\" sizes=\"auto, (max-width: 300px) 100vw, 300px\" \/>\t    \t<\/div>\n\n\t<div class=\"teams-card-content\">\n\t\t<h4 class=\"teams-card-name\">\n\t\t\tSim\u00f3n Casanova\t\t<\/h4>\n\t\t<p class=\"teams-card-role\" style=\"margin-bottom: 5px\">\n\t\t    \t\t<\/p>\n\t<\/div>\n\n<\/article>\n<article id=\"post-2113\" class=\"teams-card fade-slide post-2113 team-member type-team-member status-publish has-post-thumbnail hentry team-role-cofundador\">\n\n\t<div class=\"teams-card-image scale-hover\">\n\t    \t\t\t<img loading=\"lazy\" decoding=\"async\" width=\"300\" height=\"300\" src=\"https:\/\/labdeletras.com\/wp-content\/uploads\/2025\/05\/foto_daniela_sqr-300x300.jpeg\" class=\"attachment-medium size-medium wp-post-image\" alt=\"\" srcset=\"https:\/\/labdeletras.com\/wp-content\/uploads\/2025\/05\/foto_daniela_sqr-300x300.jpeg 300w, https:\/\/labdeletras.com\/wp-content\/uploads\/2025\/05\/foto_daniela_sqr-150x150.jpeg 150w, https:\/\/labdeletras.com\/wp-content\/uploads\/2025\/05\/foto_daniela_sqr-12x12.jpeg 12w, https:\/\/labdeletras.com\/wp-content\/uploads\/2025\/05\/foto_daniela_sqr.jpeg 720w\" sizes=\"auto, (max-width: 300px) 100vw, 300px\" \/>\t    \t<\/div>\n\n\t<div class=\"teams-card-content\">\n\t\t<h4 class=\"teams-card-name\">\n\t\t\tDaniela Murillo A.\t\t<\/h4>\n\t\t<p class=\"teams-card-role\" style=\"margin-bottom: 5px\">\n\t\t    \t\t<\/p>\n\t<\/div>\n\n<\/article>\n<article id=\"post-2112\" class=\"teams-card fade-slide post-2112 team-member type-team-member status-publish has-post-thumbnail hentry team-role-cofundador\">\n\n\t<div class=\"teams-card-image scale-hover\">\n\t    \t\t\t<img loading=\"lazy\" decoding=\"async\" width=\"300\" height=\"300\" src=\"https:\/\/labdeletras.com\/wp-content\/uploads\/2025\/05\/foto_andrea-300x300.jpeg\" class=\"attachment-medium size-medium wp-post-image\" alt=\"\" srcset=\"https:\/\/labdeletras.com\/wp-content\/uploads\/2025\/05\/foto_andrea-300x300.jpeg 300w, https:\/\/labdeletras.com\/wp-content\/uploads\/2025\/05\/foto_andrea-150x150.jpeg 150w, https:\/\/labdeletras.com\/wp-content\/uploads\/2025\/05\/foto_andrea-768x768.jpeg 768w, https:\/\/labdeletras.com\/wp-content\/uploads\/2025\/05\/foto_andrea-12x12.jpeg 12w, https:\/\/labdeletras.com\/wp-content\/uploads\/2025\/05\/foto_andrea.jpeg 808w\" sizes=\"auto, (max-width: 300px) 100vw, 300px\" \/>\t    \t<\/div>\n\n\t<div class=\"teams-card-content\">\n\t\t<h4 class=\"teams-card-name\">\n\t\t\tJ. Andrea Giraldo C.\t\t<\/h4>\n\t\t<p class=\"teams-card-role\" style=\"margin-bottom: 5px\">\n\t\t    \t\t<\/p>\n\t<\/div>\n\n<\/article>\n<article id=\"post-2111\" class=\"teams-card fade-slide post-2111 team-member type-team-member status-publish has-post-thumbnail hentry team-role-cofundador\">\n\n\t<div class=\"teams-card-image scale-hover\">\n\t    \t\t\t<img loading=\"lazy\" decoding=\"async\" width=\"300\" height=\"300\" src=\"https:\/\/labdeletras.com\/wp-content\/uploads\/2025\/05\/foto_mariana-300x300.jpg\" class=\"attachment-medium size-medium wp-post-image\" alt=\"\" srcset=\"https:\/\/labdeletras.com\/wp-content\/uploads\/2025\/05\/foto_mariana-300x300.jpg 300w, https:\/\/labdeletras.com\/wp-content\/uploads\/2025\/05\/foto_mariana-150x150.jpg 150w, https:\/\/labdeletras.com\/wp-content\/uploads\/2025\/05\/foto_mariana-12x12.jpg 12w, https:\/\/labdeletras.com\/wp-content\/uploads\/2025\/05\/foto_mariana.jpg 508w\" sizes=\"auto, (max-width: 300px) 100vw, 300px\" \/>\t    \t<\/div>\n\n\t<div class=\"teams-card-content\">\n\t\t<h4 class=\"teams-card-name\">\n\t\t\tMariana Ram\u00edrez Florez\t\t<\/h4>\n\t\t<p class=\"teams-card-role\" style=\"margin-bottom: 5px\">\n\t\t    \t\t<\/p>\n\t<\/div>\n\n<\/article>\n<article id=\"post-2768\" class=\"teams-card fade-slide post-2768 team-member type-team-member status-publish has-post-thumbnail hentry team-role-honorario\">\n\n\t<div class=\"teams-card-image scale-hover\">\n\t    \t\t\t<img loading=\"lazy\" decoding=\"async\" width=\"300\" height=\"300\" src=\"https:\/\/labdeletras.com\/wp-content\/uploads\/2025\/07\/foto_crisginnett-300x300.jpeg\" class=\"attachment-medium size-medium wp-post-image\" alt=\"\" srcset=\"https:\/\/labdeletras.com\/wp-content\/uploads\/2025\/07\/foto_crisginnett-300x300.jpeg 300w, https:\/\/labdeletras.com\/wp-content\/uploads\/2025\/07\/foto_crisginnett-150x150.jpeg 150w, https:\/\/labdeletras.com\/wp-content\/uploads\/2025\/07\/foto_crisginnett-768x768.jpeg 768w, https:\/\/labdeletras.com\/wp-content\/uploads\/2025\/07\/foto_crisginnett-12x12.jpeg 12w, https:\/\/labdeletras.com\/wp-content\/uploads\/2025\/07\/foto_crisginnett.jpeg 909w\" sizes=\"auto, (max-width: 300px) 100vw, 300px\" \/>\t    \t<\/div>\n\n\t<div class=\"teams-card-content\">\n\t\t<h4 class=\"teams-card-name\">\n\t\t\tCrisginnett Arzuaga Mar\u00edn\t\t<\/h4>\n\t\t<p class=\"teams-card-role\" style=\"margin-bottom: 5px\">\n\t\t    \t\t<\/p>\n\t<\/div>\n\n<\/article>\n<article id=\"post-2894\" class=\"teams-card fade-slide post-2894 team-member type-team-member status-publish has-post-thumbnail hentry\">\n\n\t<div class=\"teams-card-image scale-hover\">\n\t    \t\t\t<img loading=\"lazy\" decoding=\"async\" width=\"300\" height=\"300\" src=\"https:\/\/labdeletras.com\/wp-content\/uploads\/2026\/02\/samuel-300x300.jpeg\" class=\"attachment-medium size-medium wp-post-image\" alt=\"\" srcset=\"https:\/\/labdeletras.com\/wp-content\/uploads\/2026\/02\/samuel-300x300.jpeg 300w, https:\/\/labdeletras.com\/wp-content\/uploads\/2026\/02\/samuel-1024x1024.jpeg 1024w, https:\/\/labdeletras.com\/wp-content\/uploads\/2026\/02\/samuel-150x150.jpeg 150w, https:\/\/labdeletras.com\/wp-content\/uploads\/2026\/02\/samuel-768x768.jpeg 768w, https:\/\/labdeletras.com\/wp-content\/uploads\/2026\/02\/samuel-12x12.jpeg 12w, https:\/\/labdeletras.com\/wp-content\/uploads\/2026\/02\/samuel.jpeg 1434w\" sizes=\"auto, (max-width: 300px) 100vw, 300px\" \/>\t    \t<\/div>\n\n\t<div class=\"teams-card-content\">\n\t\t<h4 class=\"teams-card-name\">\n\t\t\tSamuel Vald\u00e9s Vanegas\t\t<\/h4>\n\t\t<p class=\"teams-card-role\" style=\"margin-bottom: 5px\">\n\t\t    \t\t<\/p>\n\t<\/div>\n\n<\/article><\/div>\n\n\n\n<div style=\"height:100px\" aria-hidden=\"true\" class=\"wp-block-spacer\"><\/div>\n<\/div><\/div>\n\n\n\n<div class=\"wp-block-uagb-container triangle uagb-block-44c34c1c alignfull uagb-is-root-container\"><div class=\"uagb-container-inner-blocks-wrap\">\n<h1 class=\"wp-block-heading page-section-header fade-slide\">How to participate<\/h1>\n\n\n\n<p class=\"fade-slide translation-block\" style=\"margin-top:0;margin-bottom:0\">At <em>Laboratorio de Letras<\/em> we believe that literature is built in community. If you are inspired by our purpose and want to contribute, accompany or simply find out more, we would be delighted to hear from you.<\/p>\n\n\n\n<p class=\"fade-slide translation-block\" style=\"margin-top:0;margin-bottom:0\">We are taking steps, growing with each initiative, and everything we do is made possible by the support of people like you.<br>Whether it's ideas, time, books, or enthusiasm: your participation can make a difference.<\/p>\n\n\n\n<p class=\"fade-slide\" style=\"margin-top:0;margin-bottom:0\"><strong>Want to join us or find out more? Write to us at<\/strong><strong> <a href=\"mailto:participar@labdeletras.com\">participar@labdeletras.com<\/a><\/strong><br>We are always open to dialogue and new ways of sharing lyrics.<\/p>\n\n\n\n<div style=\"height:100px\" aria-hidden=\"true\" class=\"wp-block-spacer\"><\/div>\n<\/div><\/div>","protected":false},"excerpt":{"rendered":"<p>Qui\u00e9nes somos Laboratorio de Letras es una organizaci\u00f3n no gubernamental sin \u00e1nimo de lucro, nacida del sue\u00f1o compartido de un grupo de belumbreses \u2014algunos residentes en Bel\u00e9n de Umbr\u00eda y otros desde Suiza\u2014 con el prop\u00f3sito de promover la literatura y el amor por las letras en su comunidad. Desde nuestros inicios, hemos trabajado por [&hellip;]<\/p>\n","protected":false},"author":1,"featured_media":0,"parent":0,"menu_order":0,"comment_status":"closed","ping_status":"closed","template":"","meta":{"_acf_changed":false,"_uag_custom_page_level_css":"","site-sidebar-layout":"default","site-content-layout":"","ast-site-content-layout":"default","site-content-style":"default","site-sidebar-style":"default","ast-global-header-display":"","ast-banner-title-visibility":"","ast-main-header-display":"","ast-hfb-above-header-display":"","ast-hfb-below-header-display":"","ast-hfb-mobile-header-display":"","site-post-title":"disabled","ast-breadcrumbs-content":"","ast-featured-img":"","footer-sml-layout":"","ast-disable-related-posts":"","theme-transparent-header-meta":"","adv-header-id-meta":"","stick-header-meta":"","header-above-stick-meta":"","header-main-stick-meta":"","header-below-stick-meta":"","astra-migrate-meta-layouts":"set","ast-page-background-enabled":"default","ast-page-background-meta":{"desktop":{"background-color":"","background-image":"","background-repeat":"repeat","background-position":"center center","background-size":"auto","background-attachment":"scroll","background-type":"","background-media":"","overlay-type":"","overlay-color":"","overlay-opacity":"","overlay-gradient":""},"tablet":{"background-color":"","background-image":"","background-repeat":"repeat","background-position":"center center","background-size":"auto","background-attachment":"scroll","background-type":"","background-media":"","overlay-type":"","overlay-color":"","overlay-opacity":"","overlay-gradient":""},"mobile":{"background-color":"","background-image":"","background-repeat":"repeat","background-position":"center center","background-size":"auto","background-attachment":"scroll","background-type":"","background-media":"","overlay-type":"","overlay-color":"","overlay-opacity":"","overlay-gradient":""}},"ast-content-background-meta":{"desktop":{"background-color":"var(--ast-global-color-5)","background-image":"","background-repeat":"repeat","background-position":"center center","background-size":"auto","background-attachment":"scroll","background-type":"","background-media":"","overlay-type":"","overlay-color":"","overlay-opacity":"","overlay-gradient":""},"tablet":{"background-color":"var(--ast-global-color-5)","background-image":"","background-repeat":"repeat","background-position":"center center","background-size":"auto","background-attachment":"scroll","background-type":"","background-media":"","overlay-type":"","overlay-color":"","overlay-opacity":"","overlay-gradient":""},"mobile":{"background-color":"var(--ast-global-color-5)","background-image":"","background-repeat":"repeat","background-position":"center center","background-size":"auto","background-attachment":"scroll","background-type":"","background-media":"","overlay-type":"","overlay-color":"","overlay-opacity":"","overlay-gradient":""}},"footnotes":""},"class_list":["post-2075","page","type-page","status-publish","hentry"],"acf":[],"uagb_featured_image_src":{"full":false,"thumbnail":false,"medium":false,"medium_large":false,"large":false,"1536x1536":false,"2048x2048":false,"trp-custom-language-flag":false},"uagb_author_info":{"display_name":"llorenc.m.h@protonmail.com","author_link":"https:\/\/labdeletras.com\/en\/author\/llorenc-m-hprotonmail-com\/"},"uagb_comment_info":0,"uagb_excerpt":"Qui\u00e9nes somos Laboratorio de Letras es una organizaci\u00f3n no gubernamental sin \u00e1nimo de lucro, nacida del sue\u00f1o compartido de un grupo de belumbreses \u2014algunos residentes en Bel\u00e9n de Umbr\u00eda y otros desde Suiza\u2014 con el prop\u00f3sito de promover la literatura y el amor por las letras en su comunidad. Desde nuestros inicios, hemos trabajado por&hellip;","_links":{"self":[{"href":"https:\/\/labdeletras.com\/en\/wp-json\/wp\/v2\/pages\/2075","targetHints":{"allow":["GET"]}}],"collection":[{"href":"https:\/\/labdeletras.com\/en\/wp-json\/wp\/v2\/pages"}],"about":[{"href":"https:\/\/labdeletras.com\/en\/wp-json\/wp\/v2\/types\/page"}],"author":[{"embeddable":true,"href":"https:\/\/labdeletras.com\/en\/wp-json\/wp\/v2\/users\/1"}],"replies":[{"embeddable":true,"href":"https:\/\/labdeletras.com\/en\/wp-json\/wp\/v2\/comments?post=2075"}],"version-history":[{"count":42,"href":"https:\/\/labdeletras.com\/en\/wp-json\/wp\/v2\/pages\/2075\/revisions"}],"predecessor-version":[{"id":2831,"href":"https:\/\/labdeletras.com\/en\/wp-json\/wp\/v2\/pages\/2075\/revisions\/2831"}],"wp:attachment":[{"href":"https:\/\/labdeletras.com\/en\/wp-json\/wp\/v2\/media?parent=2075"}],"curies":[{"name":"wp","href":"https:\/\/api.w.org\/{rel}","templated":true}]}}