{"id":2864,"date":"2026-01-18T20:08:36","date_gmt":"2026-01-19T01:08:36","guid":{"rendered":"https:\/\/labdeletras.com\/?page_id=2864"},"modified":"2026-01-18T20:08:37","modified_gmt":"2026-01-19T01:08:37","slug":"concurso-2025","status":"publish","type":"page","link":"https:\/\/labdeletras.com\/en\/concurso-2025\/","title":{"rendered":"Concurso 2025"},"content":{"rendered":"<div class=\"wp-block-uagb-container top-header page-section uagb-block-b6a6b828 alignfull uagb-is-root-container\"><div class=\"uagb-container-inner-blocks-wrap\">\n<div class=\"wp-block-uagb-container uagb-block-2d2f1b41\">\n<h1 class=\"wp-block-heading has-text-align-center fade-slide\">Contest Camale\u00f3n Transparente<br>2025<\/h1>\n<\/div>\n\n\n\n<figure class=\"wp-block-image size-large shape-img shape--hexagon preset-h-frame preset-h-sticker\"><img loading=\"lazy\" decoding=\"async\" width=\"1024\" height=\"678\" src=\"https:\/\/labdeletras.com\/wp-content\/uploads\/2025\/05\/galardonados-1024x678.jpeg\" alt=\"\" class=\"wp-image-1854\" style=\"aspect-ratio:1;object-fit:cover\"\/><\/figure>\n<\/div><\/div>\n\n\n\n<div class=\"wave-divider\" style=\"height:auto;background-color:transparent\"><svg viewbox=\"0 0 1078 90\" preserveaspectratio=\"none\" style=\"display:block;width:100%;height:100%;fill:var(--color-background-alt2);transform:\"><path d=\"M -2 2 C 117 43 159 74 372 45 C 523 20 538 13 681 32 C 819 47 1004 -48 1076 48 V 92 H 0 Z\"><\/path><\/svg><\/div>\n\n\n\n<div class=\"wp-block-uagb-container page-section uagb-block-a0c8b156 alignfull uagb-is-root-container\"><div class=\"uagb-container-inner-blocks-wrap\">\n<h2 class=\"wp-block-heading fade-slide\"><strong>Thank you for being part of this literary metamorphosis!<\/strong><\/h2>\n\n\n\n<p class=\"fade-slide\">The Laboratorio de Letras celebrated with enthusiasm the first edition of \u2018Camale\u00f3n Transparente\u2019, a competition that sought to reveal, between layers of imagination and narrative craft, the emerging voices of short storytelling in the Spanish language.<\/p>\n\n\n\n<ul class=\"wp-block-list fade-slide\">\n<li class=\"translation-block\"><strong>Registration closed:<\/strong> 18 April 2025<\/li>\n\n\n\n<li class=\"translation-block\"><strong>Enrolled participants:<\/strong> 98 authors from the municipality of Bel\u00e9n de Umbr\u00eda<\/li>\n\n\n\n<li class=\"translation-block\"><strong>Award Ceremony:<\/strong> 25 April 2025<\/li>\n<\/ul>\n\n\n\n<p class=\"fade-slide\">In just four weeks we received almost a hundred stories that, like true chameleons, glided through genres as diverse as intimate science fiction, urban magic realism and fantasy chronicles. Each text was blindly evaluated by a jury made up of writers and teachers of literary creation, taking into account originality, aesthetic quality and the ability to move.<\/p>\n\n\n\n<h4 class=\"wp-block-heading fade-slide\">Acknowledgements<\/h4>\n\n\n\n<ul class=\"wp-block-list fade-slide\">\n<li class=\"translation-block\"><strong>3 winning stories<\/strong>, which received cash prizes and will be published both in print and digital format.<\/li>\n\n\n\n<li class=\"translation-block\"><strong>7 honourable mentions<\/strong>, distinguished for their narrative proposal, will also be published in our print and digital edition of the anthology Chameleon Transparent 2025.<\/li>\n<\/ul>\n\n\n\n<p class=\"fade-slide\">To all the people who participated: thank you for your trust and shared talent. To those who attended the ceremony: your presence and applause gave life and meaning to this literary meeting.<\/p>\n\n\n\n<p class=\"fade-slide\">May the pages continue to mutate and literature continue to become transparent!<\/p>\n\n\n\n<div style=\"height:40px\" aria-hidden=\"true\" class=\"wp-block-spacer\"><\/div>\n<\/div><\/div>\n\n\n\n<div class=\"wp-block-uagb-container page-section triangle uagb-block-2da6ad4a alignfull uagb-is-root-container\"><div class=\"uagb-container-inner-blocks-wrap\">\n<div style=\"height:60px\" aria-hidden=\"true\" class=\"wp-block-spacer\"><\/div>\n\n\n\n<h2 class=\"wp-block-heading fade-slide translation-block\" style=\"padding-top:0;padding-right:0;padding-bottom:0;padding-left:0\">\ud83c\udfc6 <strong>Winners of the \u201cCamale\u00f3n Transparente\u201d 2025 contest<\/strong><\/h2>\n\n\n\n<p class=\"fade-slide\">After careful deliberation by the jury, we proudly present the winning works of this first edition:<\/p>\n\n\n\n<h4 class=\"wp-block-heading fade-slide\"><strong>Winners<\/strong><\/h4>\n\n\n<div class=\"shortstory-grid\">\n<article id=\"post-1824\" class=\"shortstory-card fade-slide shortstory-card-first post-2864 page type-page status-publish hentry\">\n    \n    <a href=\"https:\/\/labdeletras.com\/en\/short-stories\/cuanto-puede-valer-la-inocencia\/\">\n\n    \t<div class=\"shortstory-card-content\">\n    \t\t<h4 class=\"shortstory-card-title\">\n    \t\t\t\u00bfCu\u00e1nto puede valer la inocencia?    \t\t<\/h4>\n    \t\t<div class=\"shortstory-card-author\">\n    \t\t    Valentina Jim\u00e9nez    \t\t<\/div>\n    \t\t<div class=\"shortstory-card-excerpt\">\n    \t\t\tEmma cumpli\u00f3 catorce a\u00f1os y su vida se basaba en ayudar a su madre en la peluquer\u00eda, estudiar&hellip;    \t\t<\/div>\n    \t<\/div>\n\t\n\t<\/a>\n\n<\/article>\n<article id=\"post-1825\" class=\"shortstory-card fade-slide shortstory-card-second post-2864 page type-page status-publish hentry\">\n    \n    <a href=\"https:\/\/labdeletras.com\/en\/short-stories\/almas-destinadas-cuerpos-separados\/\">\n\n    \t<div class=\"shortstory-card-content\">\n    \t\t<h4 class=\"shortstory-card-title\">\n    \t\t\tAlmas destinadas, cuerpos separados    \t\t<\/h4>\n    \t\t<div class=\"shortstory-card-author\">\n    \t\t    Mar\u00eda Jos\u00e9 Villada Pinilla    \t\t<\/div>\n    \t\t<div class=\"shortstory-card-excerpt\">\n    \t\t\t\u201c\u00bfY si el amor verdadero solo existe cuando dormimos?\u201d, pens\u00e9 mientras me apuraba para llegar al trabajo. Otra&hellip;    \t\t<\/div>\n    \t<\/div>\n\t\n\t<\/a>\n\n<\/article>\n<article id=\"post-1826\" class=\"shortstory-card fade-slide shortstory-card-third post-2864 page type-page status-publish hentry\">\n    \n    <a href=\"https:\/\/labdeletras.com\/en\/short-stories\/el-recorrido-de-las-cuatro\/\">\n\n    \t<div class=\"shortstory-card-content\">\n    \t\t<h4 class=\"shortstory-card-title\">\n    \t\t\tEl recorrido de las cuatro    \t\t<\/h4>\n    \t\t<div class=\"shortstory-card-author\">\n    \t\t    Edwin de Jes\u00fas S\u00e1nchez Benjumea    \t\t<\/div>\n    \t\t<div class=\"shortstory-card-excerpt\">\n    \t\t\tEn memoria de la profesora Gloria S\u00e1nchez Restrepo 4 de noviembre de 1988&nbsp; Noviembre era un mes muy&hellip;    \t\t<\/div>\n    \t<\/div>\n\t\n\t<\/a>\n\n<\/article><\/div>\n\n\n\n<h4 class=\"wp-block-heading fade-slide\"><strong>Honourable Mentions<\/strong><\/h4>\n\n\n<div class=\"shortstory-grid\">\n<article id=\"post-1827\" class=\"shortstory-card fade-slide shortstory-card-honourable post-2864 page type-page status-publish hentry\">\n    \n    <a href=\"https:\/\/labdeletras.com\/en\/short-stories\/surcos-del-olvido\/\">\n\n    \t<div class=\"shortstory-card-content\">\n    \t\t<h4 class=\"shortstory-card-title\">\n    \t\t\tSurcos del olvido.    \t\t<\/h4>\n    \t\t<div class=\"shortstory-card-author\">\n    \t\t    Ger\u00f3nimo Gonzalez R\u00edos    \t\t<\/div>\n    \t\t<div class=\"shortstory-card-excerpt\">\n    \t\t\tEl atardecer ca\u00eda sobre las monta\u00f1as antioque\u00f1as de 1916, terminada mi jornada escolar emprend\u00ed mi camino a casa,&hellip;    \t\t<\/div>\n    \t<\/div>\n\t\n\t<\/a>\n\n<\/article>\n<article id=\"post-1828\" class=\"shortstory-card fade-slide shortstory-card-honourable post-2864 page type-page status-publish hentry\">\n    \n    <a href=\"https:\/\/labdeletras.com\/en\/short-stories\/desde-que-te-vi\/\">\n\n    \t<div class=\"shortstory-card-content\">\n    \t\t<h4 class=\"shortstory-card-title\">\n    \t\t\tDesde que te vi    \t\t<\/h4>\n    \t\t<div class=\"shortstory-card-author\">\n    \t\t    Mateo Vanegas Molina    \t\t<\/div>\n    \t\t<div class=\"shortstory-card-excerpt\">\n    \t\t\tLuc\u00eda y Tom\u00e1s viv\u00edan en un peque\u00f1o departamento en la zona sur de la ciudad. No ten\u00eda grandes&hellip;    \t\t<\/div>\n    \t<\/div>\n\t\n\t<\/a>\n\n<\/article>\n<article id=\"post-1829\" class=\"shortstory-card fade-slide shortstory-card-honourable post-2864 page type-page status-publish hentry\">\n    \n    <a href=\"https:\/\/labdeletras.com\/en\/short-stories\/el-peso-de-vivir-con-lo-que-no-se-elige\/\">\n\n    \t<div class=\"shortstory-card-content\">\n    \t\t<h4 class=\"shortstory-card-title\">\n    \t\t\tEl peso de vivir con lo que no se elige    \t\t<\/h4>\n    \t\t<div class=\"shortstory-card-author\">\n    \t\t    Thom\u00e1s Pach\u00f3n    \t\t<\/div>\n    \t\t<div class=\"shortstory-card-excerpt\">\n    \t\t\tEl pueblo de Bel\u00e9n de Umbr\u00eda era peque\u00f1o, con calles limpias y casas de colores muy llamativos. All\u00ed&hellip;    \t\t<\/div>\n    \t<\/div>\n\t\n\t<\/a>\n\n<\/article>\n<article id=\"post-1834\" class=\"shortstory-card fade-slide shortstory-card-honourable post-2864 page type-page status-publish hentry\">\n    \n    <a href=\"https:\/\/labdeletras.com\/en\/short-stories\/misterio-en-el-campo\/\">\n\n    \t<div class=\"shortstory-card-content\">\n    \t\t<h4 class=\"shortstory-card-title\">\n    \t\t\tMisterio en el campo    \t\t<\/h4>\n    \t\t<div class=\"shortstory-card-author\">\n    \t\t    Luciana Hern\u00e1ndez Jim\u00e9nez    \t\t<\/div>\n    \t\t<div class=\"shortstory-card-excerpt\">\n    \t\t\tEn un lejano pueblo en las afueras de Colombia, Don Ernesto, un campesino muy noble y simp\u00e1tico, se&hellip;    \t\t<\/div>\n    \t<\/div>\n\t\n\t<\/a>\n\n<\/article>\n<article id=\"post-1835\" class=\"shortstory-card fade-slide shortstory-card-honourable post-2864 page type-page status-publish hentry\">\n    \n    <a href=\"https:\/\/labdeletras.com\/en\/short-stories\/el-misterio-de-la-mansion-abandonada\/\">\n\n    \t<div class=\"shortstory-card-content\">\n    \t\t<h4 class=\"shortstory-card-title\">\n    \t\t\tEl misterio de la mansi\u00f3n abandonada    \t\t<\/h4>\n    \t\t<div class=\"shortstory-card-author\">\n    \t\t    Juan Jos\u00e9 Rojas Ladino    \t\t<\/div>\n    \t\t<div class=\"shortstory-card-excerpt\">\n    \t\t\tComo era mi costumbre en las ma\u00f1anas, sal\u00ed a trotar, en esta ocasi\u00f3n me adentre en el bosque,&hellip;    \t\t<\/div>\n    \t<\/div>\n\t\n\t<\/a>\n\n<\/article>\n<article id=\"post-1836\" class=\"shortstory-card fade-slide shortstory-card-honourable post-2864 page type-page status-publish hentry\">\n    \n    <a href=\"https:\/\/labdeletras.com\/en\/short-stories\/el-ultimo-trago-del-destino\/\">\n\n    \t<div class=\"shortstory-card-content\">\n    \t\t<h4 class=\"shortstory-card-title\">\n    \t\t\tEl \u00faltimo trago del destino    \t\t<\/h4>\n    \t\t<div class=\"shortstory-card-author\">\n    \t\t     Juan David Cifuentes Cardona    \t\t<\/div>\n    \t\t<div class=\"shortstory-card-excerpt\">\n    \t\t\t\u00bfTe has preguntado a qu\u00e9 sabe lo amargo? \u00a1Caray! Fue la pregunta que cierto d\u00eda un ni\u00f1o me&hellip;    \t\t<\/div>\n    \t<\/div>\n\t\n\t<\/a>\n\n<\/article>\n<article id=\"post-1838\" class=\"shortstory-card fade-slide shortstory-card-honourable post-2864 page type-page status-publish hentry\">\n    \n    <a href=\"https:\/\/labdeletras.com\/en\/short-stories\/una-noche-en-viena\/\">\n\n    \t<div class=\"shortstory-card-content\">\n    \t\t<h4 class=\"shortstory-card-title\">\n    \t\t\tUna noche en viena    \t\t<\/h4>\n    \t\t<div class=\"shortstory-card-author\">\n    \t\t    Isabela Pulgar\u00edn Serna    \t\t<\/div>\n    \t\t<div class=\"shortstory-card-excerpt\">\n    \t\t\tNo pod\u00eda ver, sent\u00eda que mi cuerpo y cabeza daban vueltas, no era consciente de nada, solo de&hellip;    \t\t<\/div>\n    \t<\/div>\n\t\n\t<\/a>\n\n<\/article><\/div>\n<\/div><\/div>\n\n\n\n<div class=\"wave-divider\" style=\"height:auto;background-color:transparent\"><svg viewbox=\"0 0 1078 90\" preserveaspectratio=\"none\" style=\"display:block;width:100%;height:100%;fill:var(--color-background-alt4);transform:\"><path d=\"M -2 2 C 117 43 159 74 372 45 C 523 20 538 13 681 32 C 819 47 1004 -48 1076 48 V 92 H 0 Z\"><\/path><\/svg><\/div>\n\n\n\n<div class=\"wp-block-uagb-container page-section uagb-block-4d8b5dd8 alignfull uagb-is-root-container\"><div class=\"uagb-container-inner-blocks-wrap\">\t\t\t\t\t<div\n\t\t\t\t\t\tclass=\"wp-block-uagb-image-gallery uagb-block-3b2f2a47 fade-slide\"\n\t\t\t\t\t\tstyle=\"\"\n\t\t\t\t\t>\n\t\t\t\t\t\t\t\t\t\t\t<div class=\"spectra-image-gallery spectra-image-gallery__layout--grid spectra-image-gallery__layout--grid-col-3 spectra-image-gallery__layout--grid-col-tab-3 spectra-image-gallery__layout--grid-col-mob-1\">\n\t\t\t\t\t\t\t\t\t\t\t<div class='spectra-image-gallery__media-wrapper' data-spectra-gallery-image-id='1852' tabindex=\"0\">\n\t\t\t\t\t\t\t<div class=\"spectra-image-gallery__media spectra-image-gallery__media--grid\">\n\t\t\t\t<picture>\n\t\t\t\t\t<source media=\"(min-width: 1024px)\" srcset=\"https:\/\/labdeletras.com\/wp-content\/uploads\/2025\/05\/foto_con_galardonados-1024x678.jpeg\">\n\t\t\t\t\t<source media=\"(min-width: 768px)\" srcset=\"https:\/\/labdeletras.com\/wp-content\/uploads\/2025\/05\/foto_con_galardonados-1024x678.jpeg\">\n\t\t\t\t\t<img decoding=\"async\" class=\"spectra-image-gallery__media-thumbnail spectra-image-gallery__media-thumbnail--grid\" src=\"https:\/\/labdeletras.com\/wp-content\/uploads\/2025\/05\/foto_con_galardonados-1024x678.jpeg\" alt=\"\" loading=\"lazy\" \/>\n\t\t\t\t<\/picture>\n\t\t\t\t<div class=\"spectra-image-gallery__media-thumbnail-blurrer\"><\/div>\n\t\t\t\t\t\t\t\t\t\t\t<div class=\"spectra-image-gallery__media-thumbnail-caption-wrapper spectra-image-gallery__media-thumbnail-caption-wrapper--overlay\"><\/div>\n\t\t\t\t\t\t\t\t<\/div>\n\t\t\t\t\t\t<\/div>\n\t\t\t\t\t\t<div class='spectra-image-gallery__media-wrapper' data-spectra-gallery-image-id='1854' tabindex=\"0\">\n\t\t\t\t\t\t\t<div class=\"spectra-image-gallery__media spectra-image-gallery__media--grid\">\n\t\t\t\t<picture>\n\t\t\t\t\t<source media=\"(min-width: 1024px)\" srcset=\"https:\/\/labdeletras.com\/wp-content\/uploads\/2025\/05\/galardonados-1024x678.jpeg\">\n\t\t\t\t\t<source media=\"(min-width: 768px)\" srcset=\"https:\/\/labdeletras.com\/wp-content\/uploads\/2025\/05\/galardonados-1024x678.jpeg\">\n\t\t\t\t\t<img decoding=\"async\" class=\"spectra-image-gallery__media-thumbnail spectra-image-gallery__media-thumbnail--grid\" src=\"https:\/\/labdeletras.com\/wp-content\/uploads\/2025\/05\/galardonados-1024x678.jpeg\" alt=\"\" loading=\"lazy\" \/>\n\t\t\t\t<\/picture>\n\t\t\t\t<div class=\"spectra-image-gallery__media-thumbnail-blurrer\"><\/div>\n\t\t\t\t\t\t\t\t\t\t\t<div class=\"spectra-image-gallery__media-thumbnail-caption-wrapper spectra-image-gallery__media-thumbnail-caption-wrapper--overlay\"><\/div>\n\t\t\t\t\t\t\t\t<\/div>\n\t\t\t\t\t\t<\/div>\n\t\t\t\t\t\t<div class='spectra-image-gallery__media-wrapper' data-spectra-gallery-image-id='1853' tabindex=\"0\">\n\t\t\t\t\t\t\t<div class=\"spectra-image-gallery__media spectra-image-gallery__media--grid\">\n\t\t\t\t<picture>\n\t\t\t\t\t<source media=\"(min-width: 1024px)\" srcset=\"https:\/\/labdeletras.com\/wp-content\/uploads\/2025\/05\/foto_con_menciones_honor-1024x678.jpeg\">\n\t\t\t\t\t<source media=\"(min-width: 768px)\" srcset=\"https:\/\/labdeletras.com\/wp-content\/uploads\/2025\/05\/foto_con_menciones_honor-1024x678.jpeg\">\n\t\t\t\t\t<img decoding=\"async\" class=\"spectra-image-gallery__media-thumbnail spectra-image-gallery__media-thumbnail--grid\" src=\"https:\/\/labdeletras.com\/wp-content\/uploads\/2025\/05\/foto_con_menciones_honor-1024x678.jpeg\" alt=\"\" loading=\"lazy\" \/>\n\t\t\t\t<\/picture>\n\t\t\t\t<div class=\"spectra-image-gallery__media-thumbnail-blurrer\"><\/div>\n\t\t\t\t\t\t\t\t\t\t\t<div class=\"spectra-image-gallery__media-thumbnail-caption-wrapper spectra-image-gallery__media-thumbnail-caption-wrapper--overlay\"><\/div>\n\t\t\t\t\t\t\t\t<\/div>\n\t\t\t\t\t\t<\/div>\n\t\t\t\t\t\t\t\t\t\t<\/div>\n\t\t\t\t\t\t\t\t\t\t\t\t\t\t\t\t\t\t<\/div>\n\t\t\t\t\t\t\t\t\t\t\t<div class='spectra-image-gallery__control-lightbox' tabindex='0'>\n\t\t\t\t\t\t\t\t\t\t\t<div class=\"swiper spectra-image-gallery__control-lightbox--main\" dir=\"\">\n\t\t\t\t\t<div class=\"swiper-wrapper\">\n\t\t\t\t\t\t\t\t\t\t\t\t\t\n\t\t\t\t\t\t\t<div class=\"swiper-slide\">\n\t\t\t\t\t\t\t\t<img class=\"swiper-lazy\" data-src=\"https:\/\/labdeletras.com\/wp-content\/uploads\/2025\/05\/foto_con_galardonados.jpeg\" alt=\"\"\/>\n\t\t\t\t\t\t\t\t<div class=\"swiper-lazy-preloader swiper-lazy-preloader-white\"><\/div>\n\t\t\t\t\t\t\t\t\t\t\t\t\t\t\t<\/div>\n\t\t\t\t\t\t\t\t\t\t\t\t\t\n\t\t\t\t\t\t\t<div class=\"swiper-slide\">\n\t\t\t\t\t\t\t\t<img class=\"swiper-lazy\" data-src=\"https:\/\/labdeletras.com\/wp-content\/uploads\/2025\/05\/galardonados.jpeg\" alt=\"\"\/>\n\t\t\t\t\t\t\t\t<div class=\"swiper-lazy-preloader swiper-lazy-preloader-white\"><\/div>\n\t\t\t\t\t\t\t\t\t\t\t\t\t\t\t<\/div>\n\t\t\t\t\t\t\t\t\t\t\t\t\t\n\t\t\t\t\t\t\t<div class=\"swiper-slide\">\n\t\t\t\t\t\t\t\t<img class=\"swiper-lazy\" data-src=\"https:\/\/labdeletras.com\/wp-content\/uploads\/2025\/05\/foto_con_menciones_honor.jpeg\" alt=\"\"\/>\n\t\t\t\t\t\t\t\t<div class=\"swiper-lazy-preloader swiper-lazy-preloader-white\"><\/div>\n\t\t\t\t\t\t\t\t\t\t\t\t\t\t\t<\/div>\n\t\t\t\t\t\t\t\t\t\t\t<\/div>\n\t\t\t\t\t<div class=\"swiper-button-next\"><\/div>\n\t\t\t\t\t<div class=\"swiper-button-prev\"><\/div>\n\t\t\t\t<\/div>\t\t\t\n\t\t\t\t\t\t\t\t\t\t\t\t\t\t\t\t\t\t\t\t\t\t\t\t\t\t\t\t\t\t\t\t<button class='spectra-image-gallery__control-lightbox--close' aria-label=\"Close\">\n\t\t\t\t\t\t\t\t\t\t\t\t\t<svg xmlns=\"https:\/\/www.w3.org\/2000\/svg\" viewbox= \"0 0 320 512\"><path d=\"M310.6 361.4c12.5 12.5 12.5 32.75 0 45.25C304.4 412.9 296.2 416 288 416s-16.38-3.125-22.62-9.375L160 301.3L54.63 406.6C48.38 412.9 40.19 416 32 416S15.63 412.9 9.375 406.6c-12.5-12.5-12.5-32.75 0-45.25l105.4-105.4L9.375 150.6c-12.5-12.5-12.5-32.75 0-45.25s32.75-12.5 45.25 0L160 210.8l105.4-105.4c12.5-12.5 32.75-12.5 45.25 0s12.5 32.75 0 45.25l-105.4 105.4L310.6 361.4z\"><\/path><\/svg>\n\t\t\t\t\t\t\t\t\t\t\t\t<\/button>\n\t\t\t\t\t\t\t\t\t\t\t\t\t<\/div>\n\t\t\t\t\t\t\t\t\t\n\n\n<div style=\"height:78px\" aria-hidden=\"true\" class=\"wp-block-spacer\"><\/div>\n\n\n\n<figure class=\"wp-block-video fade-slide\"><video height=\"480\" style=\"aspect-ratio: 848 \/ 480;\" width=\"848\" controls poster=\"https:\/\/labdeletras.com\/wp-content\/uploads\/2025\/05\/snp_camaleon_event_2025.png\" src=\"https:\/\/labdeletras.com\/wp-content\/uploads\/2025\/04\/camaleon_transparente_2025_evento.mp4\"><\/video><\/figure>\n<\/div><\/div>","protected":false},"excerpt":{"rendered":"<p>Concurso Camale\u00f3n Transparente2025 \u00a1Gracias por ser parte de esta metamorfosis literaria! El Laboratorio de Letras celebr\u00f3 con entusiasmo la primera edici\u00f3n de \u201cCamale\u00f3n Transparente\u201d, un certamen que busc\u00f3 revelar, entre capas de imaginaci\u00f3n y oficio narrativo, las voces emergentes de la narrativa breve en lengua castellana. En apenas cuatro semanas recibimos casi un centenar de [&hellip;]<\/p>\n","protected":false},"author":1,"featured_media":0,"parent":0,"menu_order":0,"comment_status":"closed","ping_status":"closed","template":"","meta":{"_acf_changed":false,"_uag_custom_page_level_css":"","site-sidebar-layout":"default","site-content-layout":"","ast-site-content-layout":"default","site-content-style":"default","site-sidebar-style":"default","ast-global-header-display":"","ast-banner-title-visibility":"","ast-main-header-display":"","ast-hfb-above-header-display":"","ast-hfb-below-header-display":"","ast-hfb-mobile-header-display":"","site-post-title":"disabled","ast-breadcrumbs-content":"","ast-featured-img":"","footer-sml-layout":"","ast-disable-related-posts":"","theme-transparent-header-meta":"","adv-header-id-meta":"","stick-header-meta":"","header-above-stick-meta":"","header-main-stick-meta":"","header-below-stick-meta":"","astra-migrate-meta-layouts":"set","ast-page-background-enabled":"default","ast-page-background-meta":{"desktop":{"background-color":"","background-image":"","background-repeat":"repeat","background-position":"center center","background-size":"auto","background-attachment":"scroll","background-type":"","background-media":"","overlay-type":"","overlay-color":"","overlay-opacity":"","overlay-gradient":""},"tablet":{"background-color":"","background-image":"","background-repeat":"repeat","background-position":"center center","background-size":"auto","background-attachment":"scroll","background-type":"","background-media":"","overlay-type":"","overlay-color":"","overlay-opacity":"","overlay-gradient":""},"mobile":{"background-color":"","background-image":"","background-repeat":"repeat","background-position":"center center","background-size":"auto","background-attachment":"scroll","background-type":"","background-media":"","overlay-type":"","overlay-color":"","overlay-opacity":"","overlay-gradient":""}},"ast-content-background-meta":{"desktop":{"background-color":"var(--ast-global-color-5)","background-image":"","background-repeat":"repeat","background-position":"center center","background-size":"auto","background-attachment":"scroll","background-type":"","background-media":"","overlay-type":"","overlay-color":"","overlay-opacity":"","overlay-gradient":""},"tablet":{"background-color":"var(--ast-global-color-5)","background-image":"","background-repeat":"repeat","background-position":"center center","background-size":"auto","background-attachment":"scroll","background-type":"","background-media":"","overlay-type":"","overlay-color":"","overlay-opacity":"","overlay-gradient":""},"mobile":{"background-color":"var(--ast-global-color-5)","background-image":"","background-repeat":"repeat","background-position":"center center","background-size":"auto","background-attachment":"scroll","background-type":"","background-media":"","overlay-type":"","overlay-color":"","overlay-opacity":"","overlay-gradient":""}},"footnotes":""},"class_list":["post-2864","page","type-page","status-publish","hentry"],"acf":[],"uagb_featured_image_src":{"full":false,"thumbnail":false,"medium":false,"medium_large":false,"large":false,"1536x1536":false,"2048x2048":false,"trp-custom-language-flag":false},"uagb_author_info":{"display_name":"llorenc.m.h@protonmail.com","author_link":"https:\/\/labdeletras.com\/en\/author\/llorenc-m-hprotonmail-com\/"},"uagb_comment_info":0,"uagb_excerpt":"Concurso Camale\u00f3n Transparente2025 \u00a1Gracias por ser parte de esta metamorfosis literaria! El Laboratorio de Letras celebr\u00f3 con entusiasmo la primera edici\u00f3n de \u201cCamale\u00f3n Transparente\u201d, un certamen que busc\u00f3 revelar, entre capas de imaginaci\u00f3n y oficio narrativo, las voces emergentes de la narrativa breve en lengua castellana. En apenas cuatro semanas recibimos casi un centenar de&hellip;","_links":{"self":[{"href":"https:\/\/labdeletras.com\/en\/wp-json\/wp\/v2\/pages\/2864","targetHints":{"allow":["GET"]}}],"collection":[{"href":"https:\/\/labdeletras.com\/en\/wp-json\/wp\/v2\/pages"}],"about":[{"href":"https:\/\/labdeletras.com\/en\/wp-json\/wp\/v2\/types\/page"}],"author":[{"embeddable":true,"href":"https:\/\/labdeletras.com\/en\/wp-json\/wp\/v2\/users\/1"}],"replies":[{"embeddable":true,"href":"https:\/\/labdeletras.com\/en\/wp-json\/wp\/v2\/comments?post=2864"}],"version-history":[{"count":1,"href":"https:\/\/labdeletras.com\/en\/wp-json\/wp\/v2\/pages\/2864\/revisions"}],"predecessor-version":[{"id":2865,"href":"https:\/\/labdeletras.com\/en\/wp-json\/wp\/v2\/pages\/2864\/revisions\/2865"}],"wp:attachment":[{"href":"https:\/\/labdeletras.com\/en\/wp-json\/wp\/v2\/media?parent=2864"}],"curies":[{"name":"wp","href":"https:\/\/api.w.org\/{rel}","templated":true}]}}